{"id":3722,"date":"2021-04-06T20:09:15","date_gmt":"2021-04-06T20:09:15","guid":{"rendered":"https:\/\/nisidotam.ca\/?page_id=3722"},"modified":"2021-04-15T05:21:39","modified_gmt":"2021-04-15T05:21:39","slug":"a-propos","status":"publish","type":"page","link":"https:\/\/nisidotam.ca\/fr\/a-propos\/","title":{"rendered":"\u00c0 propos"},"content":{"rendered":"<p>[et_pb_section fb_built=\u00a0\u00bb1&Prime; fullwidth=\u00a0\u00bbon\u00a0\u00bb _builder_version=\u00a0\u00bb4.9.2&Prime; _module_preset=\u00a0\u00bbdefault\u00a0\u00bb][et_pb_fullwidth_header title=\u00a0\u00bb\u00c0 propos\u00a0\u00bb header_image_url=\u00a0\u00bbhttps:\/\/nisidotam.ca\/wp-content\/uploads\/2021\/01\/200914_visuel-tanya_blanc-298&#215;300.jpg\u00a0\u00bb _builder_version=\u00a0\u00bb4.9.4&Prime; _module_preset=\u00a0\u00bbdefault\u00a0\u00bb background_color=\u00a0\u00bb#1e1e1e\u00a0\u00bb background_color_gradient_direction=\u00a0\u00bb154deg\u00a0\u00bb custom_padding=\u00a0\u00bb0px||0px||true|\u00a0\u00bb hover_enabled=\u00a0\u00bb0&Prime; border_color_all=\u00a0\u00bb#000000&Prime; border_radii_image=\u00a0\u00bbon|10px|10px|10px|10px\u00a0\u00bb border_width_all_image=\u00a0\u00bb3px\u00a0\u00bb border_color_all_image=\u00a0\u00bb#0A2300&Prime; sticky_enabled=\u00a0\u00bb0&Prime;]<\/p>\n<p>L&rsquo;initiative Nisidotam sur l&rsquo;inclusion est un projet de la Commission de d\u00e9veloppement des ressources humaines des Premi\u00e8res Nations du Qu\u00e9bec (CDRHPNQ) et du Centre de recherche pour l&rsquo;inclusion des personnes en situation de handicap (CRISPESH).\u00a0Depuis 2018, les deux organisations collaborent dans le cadre de cette initiative d&rsquo;inclusion visant \u00e0 soutenir les membres des Premi\u00e8res Nations vivant avec un handicap parmi les nombreuses nations du Qu\u00e9bec.<\/p>\n<p>[\/et_pb_fullwidth_header][et_pb_fullwidth_menu menu_id=\u00a0\u00bb39&Prime; active_link_color=\u00a0\u00bb#edf000&Prime; _builder_version=\u00a0\u00bb4.7.7&Prime; _module_preset=\u00a0\u00bbdefault\u00a0\u00bb menu_font=\u00a0\u00bb|700|||||||\u00a0\u00bb menu_text_color=\u00a0\u00bb#ffffff\u00a0\u00bb menu_font_size=\u00a0\u00bb17px\u00a0\u00bb menu_letter_spacing=\u00a0\u00bb1px\u00a0\u00bb background_color=\u00a0\u00bb#1e1e1e\u00a0\u00bb background_layout=\u00a0\u00bbdark\u00a0\u00bb locked=\u00a0\u00bboff\u00a0\u00bb][\/et_pb_fullwidth_menu][\/et_pb_section][et_pb_section fb_built=\u00a0\u00bb1&Prime; _builder_version=\u00a0\u00bb4.7.7&Prime; _module_preset=\u00a0\u00bbdefault\u00a0\u00bb][et_pb_row _builder_version=\u00a0\u00bb4.7.7&Prime; _module_preset=\u00a0\u00bbdefault\u00a0\u00bb][et_pb_column type=\u00a0\u00bb4_4&Prime; _builder_version=\u00a0\u00bb4.7.7&Prime; _module_preset=\u00a0\u00bbdefault\u00a0\u00bb][et_pb_text _builder_version=\u00a0\u00bb4.9.4&Prime; _module_preset=\u00a0\u00bbdefault\u00a0\u00bb text_text_color=\u00a0\u00bb#FFFFFF\u00a0\u00bb header_text_color=\u00a0\u00bb#FFFFFF\u00a0\u00bb background_color=\u00a0\u00bb#1e1e1e\u00a0\u00bb background_layout=\u00a0\u00bbdark\u00a0\u00bb custom_padding=\u00a0\u00bb5px|||5px|false|false\u00a0\u00bb]<\/p>\n<h2>Bref historique<\/h2>\n<p>[\/et_pb_text][et_pb_text _builder_version=\u00a0\u00bb4.9.4&Prime; _module_preset=\u00a0\u00bbdefault\u00a0\u00bb]<\/p>\n<p>En 2017, la Commission de d\u00e9veloppement des ressources humaines des Premi\u00e8res Nations du Qu\u00e9bec (CDRHPNQ) a men\u00e9 une recherche interne qui a fait ressortir le besoin de sensibiliser ses conseillers en emploi et de leur fournir des outils de formation pour guider leur travail de soutien aupr\u00e8s des personnes en situation de handicap des Premi\u00e8res Nations (PSHPN). La CDRHPNQ a fait appel \u00e0 l&rsquo;expertise du C\u00e9gep du Vieux Montr\u00e9al (CVM) et de son Centre de recherche pour l&rsquo;inclusion des personnes en situation de handicap (CRISPESH). Les partenaires ont collabor\u00e9 \u00e0 ce projet d&rsquo;innovation sociale en partageant leur expertise respective. Celui-ci a eu des retomb\u00e9es directes, positives et constructives pour la CDRHPNQ et les autres parties prenantes.<\/p>\n<p>[\/et_pb_text][\/et_pb_column][\/et_pb_row][\/et_pb_section][et_pb_section fb_built=\u00a0\u00bb1&Prime; _builder_version=\u00a0\u00bb4.9.2&Prime; _module_preset=\u00a0\u00bbdefault\u00a0\u00bb][et_pb_row _builder_version=\u00a0\u00bb4.9.2&Prime; _module_preset=\u00a0\u00bbdefault\u00a0\u00bb custom_margin=\u00a0\u00bb|auto|||false|false\u00a0\u00bb locked=\u00a0\u00bboff\u00a0\u00bb][et_pb_column type=\u00a0\u00bb4_4&Prime; _builder_version=\u00a0\u00bb4.7.7&Prime; _module_preset=\u00a0\u00bbdefault\u00a0\u00bb][et_pb_text _builder_version=\u00a0\u00bb4.9.3&Prime; _module_preset=\u00a0\u00bbdefault\u00a0\u00bb text_text_color=\u00a0\u00bb#FFFFFF\u00a0\u00bb header_text_color=\u00a0\u00bb#FFFFFF\u00a0\u00bb background_color=\u00a0\u00bb#1e1e1e\u00a0\u00bb background_layout=\u00a0\u00bbdark\u00a0\u00bb custom_padding=\u00a0\u00bb5px|||5px|false|false\u00a0\u00bb locked=\u00a0\u00bboff\u00a0\u00bb]<\/p>\n<h2>Commission <span>de d\u00e9veloppement des ressources humaines des Premi\u00e8res Nations du Qu\u00e9bec\u00a0<\/span><\/h2>\n<p>[\/et_pb_text][et_pb_text _builder_version=\u00a0\u00bb4.9.4&Prime; _module_preset=\u00a0\u00bbdefault\u00a0\u00bb custom_padding=\u00a0\u00bb||0px|||\u00a0\u00bb]<\/p>\n<div id=\"comp-k7c2fxlk\" class=\"_1Z_nJ\" data-testid=\"richTextElement\">\n<h2 class=\"font_0\"><span>\u00c0 propos<\/span>\u200b<\/h2>\n<p class=\"font_8\"><span>En tant qu\u2019une des commissions r\u00e9gionales de l\u2019Assembl\u00e9e des Premi\u00e8res Nations du Qu\u00e9bec et du Labrador (APNQL), la Commission de d\u00e9veloppement des ressources humaines des Premi\u00e8res Nations du Qu\u00e9bec (CDRHPNQ) est responsable, au nom de 27 communaut\u00e9s des Premi\u00e8res Nations, de l\u2019administration du Programme de formation pour les comp\u00e9tences et l\u2019emploi destin\u00e9 aux Autochtones (PFCEA) ainsi que du PFCEA urbain qui soutient les Premi\u00e8res Nations, les M\u00e9tis et les Inuits vivant en milieu urbain au Qu\u00e9bec. Par l\u2019entremise de ses 31\u00a0centres de service en emploi et formation (CSEF), situ\u00e9s dans 27 communaut\u00e9s des Premi\u00e8res Nations et 4 villes (Montr\u00e9al, Qu\u00e9bec, Val-d\u2019Or et Sept-\u00celes), la CDRHPNQ aide la client\u00e8le \u00e0 int\u00e9grer le march\u00e9 du travail en lui proposant diverses mesures d\u2019emploi et de formation.<\/span><\/p>\n<p class=\"font_8\"><span><span class=\"wixGuard\">\u200b<\/span><\/span><span><\/span><span style=\"font-size: 16px;\">\u200b<\/span><\/p>\n<\/div>\n<div id=\"comp-k7c3id8b\" aria-disabled=\"false\" class=\"_22oPj\"><\/div>\n<p>[\/et_pb_text][\/et_pb_column][\/et_pb_row][\/et_pb_section][et_pb_section fb_built=\u00a0\u00bb1&Prime; _builder_version=\u00a0\u00bb4.9.2&Prime; _module_preset=\u00a0\u00bbdefault\u00a0\u00bb][et_pb_row _builder_version=\u00a0\u00bb4.9.2&Prime; _module_preset=\u00a0\u00bbdefault\u00a0\u00bb custom_margin=\u00a0\u00bb|auto|||false|false\u00a0\u00bb locked=\u00a0\u00bboff\u00a0\u00bb][et_pb_column type=\u00a0\u00bb4_4&Prime; _builder_version=\u00a0\u00bb4.7.7&Prime; _module_preset=\u00a0\u00bbdefault\u00a0\u00bb][et_pb_text _builder_version=\u00a0\u00bb4.9.3&Prime; _module_preset=\u00a0\u00bbdefault\u00a0\u00bb text_text_color=\u00a0\u00bb#FFFFFF\u00a0\u00bb header_text_color=\u00a0\u00bb#FFFFFF\u00a0\u00bb background_color=\u00a0\u00bb#1e1e1e\u00a0\u00bb background_layout=\u00a0\u00bbdark\u00a0\u00bb custom_padding=\u00a0\u00bb5px|||5px|false|false\u00a0\u00bb locked=\u00a0\u00bboff\u00a0\u00bb]<\/p>\n<h1 class=\"et_pb_module_header et-fb-editable-element et-fb-editable-element__editing\" data-shortcode-id=\"5.0-1616553269754\" data-quickaccess-id=\"title\" contenteditable=\"true\">Centre de recherche pour l&rsquo;inclusion des personnes en situation de handicap<\/h1>\n<p>[\/et_pb_text][et_pb_text _builder_version=\u00a0\u00bb4.9.3&Prime; _module_preset=\u00a0\u00bbdefault\u00a0\u00bb custom_padding=\u00a0\u00bb||0px|||\u00a0\u00bb]<\/p>\n<div id=\"comp-k7c2fxlk\" class=\"_1Z_nJ\" data-testid=\"richTextElement\">\n<h2><span>\u00c0 propos<\/span><\/h2>\n<hr class=\"post-title-separator\" \/>\n<div class=\"post-content-container\">\n<p><strong><span>CRISPESH &#8211; Centre de recherche pour l&rsquo;inclusion des personnes en situation de handicap<\/span><\/strong>, <span>est un centre coll\u00e9gial de transfert de technologie (CCTT) en pratiques sociales novatrices, n\u00e9 d\u2019un partenariat entre le<span>\u00a0<\/span><\/span><a href=\"http:\/\/www.cvm.qc.ca\/Pages\/index.aspx\" target=\"_blank\" rel=\"noreferrer noopener\"><span>C\u00e9gep du Vieux Montr\u00e9al\u00a0<\/span><\/a><span><span> et le <\/span><\/span><a href=\"http:\/\/www.dawsoncollege.qc.ca\/french\/\" target=\"_blank\" rel=\"noreferrer noopener\"><span>Coll\u00e8ge Dawson<\/span><\/a><span><span>\u00a0<\/span>.<\/span><\/p>\n<p><span>Le Centre a \u00e9t\u00e9 reconnu en octobre 2010 par le minist\u00e8re de l\u2019\u00c9ducation, du Loisir et du Sport (MELS), maintenant le <span> <\/span><\/span><a href=\"http:\/\/www.education.gouv.qc.ca\/\" target=\"_blank\" rel=\"noreferrer noopener\"><span>Minis\u00e8re de l&rsquo;enseignement sup\u00e9rieur.<\/span><\/a><\/p>\n<p><span>En juillet 2015, le c\u00e9gep du Vieux Montr\u00e9al et le coll\u00e8ge Dawson confiaient la gestion du CRISPESH \u00e0 un organisme \u00e0 but non lucratif du m\u00eame nom cr\u00e9\u00e9 dans le but de r\u00e9aliser le mandat du Centre.<\/span><\/p>\n<p><span>Le CRISPESH fait partie du <\/span><a href=\"http:\/\/reseautranstech.qc.ca\/\" target=\"_blank\" rel=\"noreferrer noopener\"><span>Synchronex<\/span><\/a><span>, un regroupement de 59 CCTT r\u00e9unissant plus de 1000 experts \u00e0 travers le Qu\u00e9bec qui se d\u00e9dient \u00e0 l\u2019innovation au moyen de la recherche appliqu\u00e9e et du transfert.<\/span><\/p>\n<\/div>\n<\/div>\n<p>[\/et_pb_text][\/et_pb_column][\/et_pb_row][\/et_pb_section][et_pb_section fb_built=\u00a0\u00bb1&Prime; _builder_version=\u00a0\u00bb4.9.2&Prime; _module_preset=\u00a0\u00bbdefault\u00a0\u00bb][et_pb_row column_structure=\u00a0\u00bb1_2,1_2&Prime; _builder_version=\u00a0\u00bb4.9.2&Prime; _module_preset=\u00a0\u00bbdefault\u00a0\u00bb][et_pb_column type=\u00a0\u00bb1_2&Prime; _builder_version=\u00a0\u00bb4.9.2&Prime; _module_preset=\u00a0\u00bbdefault\u00a0\u00bb][et_pb_image src=\u00a0\u00bbhttps:\/\/nisidotam.ca\/wp-content\/uploads\/2021\/03\/FNHRDCQ-logo.png\u00a0\u00bb title_text=\u00a0\u00bbFNHRDCQ logo\u00a0\u00bb url=\u00a0\u00bbhttps:\/\/www.cdrhpnq-fnhrdcq.ca\/?lang=en\u00a0\u00bb url_new_window=\u00a0\u00bbon\u00a0\u00bb _builder_version=\u00a0\u00bb4.9.2&Prime; _module_preset=\u00a0\u00bbdefault\u00a0\u00bb][\/et_pb_image][\/et_pb_column][et_pb_column type=\u00a0\u00bb1_2&Prime; _builder_version=\u00a0\u00bb4.9.2&Prime; _module_preset=\u00a0\u00bbdefault\u00a0\u00bb][et_pb_image src=\u00a0\u00bbhttps:\/\/nisidotam.ca\/wp-content\/uploads\/2021\/03\/Chispesh10ans_signature_transp.png\u00a0\u00bb title_text=\u00a0\u00bbChispesh10ans_signature_transp\u00a0\u00bb url=\u00a0\u00bbhttps:\/\/crispesh.ca\/\u00a0\u00bb _builder_version=\u00a0\u00bb4.9.2&Prime; _module_preset=\u00a0\u00bbdefault\u00a0\u00bb][\/et_pb_image][\/et_pb_column][\/et_pb_row][et_pb_row _builder_version=\u00a0\u00bb4.9.2&Prime; _module_preset=\u00a0\u00bbdefault\u00a0\u00bb][et_pb_column type=\u00a0\u00bb4_4&Prime; _builder_version=\u00a0\u00bb4.9.2&Prime; _module_preset=\u00a0\u00bbdefault\u00a0\u00bb][et_pb_divider show_divider=\u00a0\u00bboff\u00a0\u00bb _builder_version=\u00a0\u00bb4.9.2&Prime; _module_preset=\u00a0\u00bbdefault\u00a0\u00bb][\/et_pb_divider][et_pb_divider show_divider=\u00a0\u00bboff\u00a0\u00bb _builder_version=\u00a0\u00bb4.9.2&Prime; _module_preset=\u00a0\u00bbdefault\u00a0\u00bb][\/et_pb_divider][\/et_pb_column][\/et_pb_row][et_pb_row column_structure=\u00a0\u00bb1_4,1_4,1_4,1_4&Prime; _builder_version=\u00a0\u00bb4.9.2&Prime; _module_preset=\u00a0\u00bbdefault\u00a0\u00bb][et_pb_column type=\u00a0\u00bb1_4&Prime; _builder_version=\u00a0\u00bb4.9.2&Prime; _module_preset=\u00a0\u00bbdefault\u00a0\u00bb][et_pb_image src=\u00a0\u00bbhttps:\/\/nisidotam.ca\/wp-content\/uploads\/2021\/03\/logo-cegep-du-vieux-montreal.jpg\u00a0\u00bb title_text=\u00a0\u00bblogo-cegep-du-vieux-montreal\u00a0\u00bb url=\u00a0\u00bbhttps:\/\/www.cvm.qc.ca\/\u00a0\u00bb url_new_window=\u00a0\u00bbon\u00a0\u00bb _builder_version=\u00a0\u00bb4.9.2&Prime; _module_preset=\u00a0\u00bbdefault\u00a0\u00bb][\/et_pb_image][\/et_pb_column][et_pb_column type=\u00a0\u00bb1_4&Prime; _builder_version=\u00a0\u00bb4.9.2&Prime; _module_preset=\u00a0\u00bbdefault\u00a0\u00bb][\/et_pb_column][et_pb_column type=\u00a0\u00bb1_4&Prime; _builder_version=\u00a0\u00bb4.9.2&Prime; _module_preset=\u00a0\u00bbdefault\u00a0\u00bb][\/et_pb_column][et_pb_column type=\u00a0\u00bb1_4&Prime; _builder_version=\u00a0\u00bb4.9.2&Prime; _module_preset=\u00a0\u00bbdefault\u00a0\u00bb][et_pb_image src=\u00a0\u00bbhttps:\/\/nisidotam.ca\/wp-content\/uploads\/2021\/03\/Dawson_Logos_MAIN_01_Web-800&#215;332-1.png\u00a0\u00bb title_text=\u00a0\u00bbDawson_Logos_MAIN_01_Web-800&#215;332&Prime; url=\u00a0\u00bbhttps:\/\/www.dawsoncollege.qc.ca\/\u00a0\u00bb url_new_window=\u00a0\u00bbon\u00a0\u00bb _builder_version=\u00a0\u00bb4.9.2&Prime; _module_preset=\u00a0\u00bbdefault\u00a0\u00bb][\/et_pb_image][\/et_pb_column][\/et_pb_row][et_pb_row _builder_version=\u00a0\u00bb4.9.2&Prime; _module_preset=\u00a0\u00bbdefault\u00a0\u00bb][et_pb_column type=\u00a0\u00bb4_4&Prime; _builder_version=\u00a0\u00bb4.9.2&Prime; _module_preset=\u00a0\u00bbdefault\u00a0\u00bb][et_pb_divider show_divider=\u00a0\u00bboff\u00a0\u00bb _builder_version=\u00a0\u00bb4.9.2&Prime; _module_preset=\u00a0\u00bbdefault\u00a0\u00bb][\/et_pb_divider][\/et_pb_column][\/et_pb_row][\/et_pb_section]<\/p>\n","protected":false},"excerpt":{"rendered":"<p>L&rsquo;initiative Nisidotam sur l&rsquo;inclusion est un projet de la Commission de d\u00e9veloppement des ressources humaines des Premi\u00e8res Nations du Qu\u00e9bec (CDRHPNQ) et du Centre de recherche pour l&rsquo;inclusion des personnes en situation de handicap (CRISPESH).\u00a0Depuis 2018, les deux organisations collaborent dans le cadre de cette initiative d&rsquo;inclusion visant \u00e0 soutenir les membres des Premi\u00e8res Nations [&hellip;]<\/p>\n","protected":false},"author":3,"featured_media":0,"parent":0,"menu_order":0,"comment_status":"closed","ping_status":"closed","template":"","meta":{"_acf_changed":false,"_et_pb_use_builder":"on","_et_pb_old_content":"","_et_gb_content_width":"","footnotes":""},"class_list":["post-3722","page","type-page","status-publish","hentry"],"acf":[],"yoast_head":"<!-- This site is optimized with the Yoast SEO plugin v27.4 - https:\/\/yoast.com\/product\/yoast-seo-wordpress\/ -->\n<title>\u00c0 propos - Nisidotam<\/title>\n<meta name=\"robots\" content=\"index, follow, max-snippet:-1, max-image-preview:large, max-video-preview:-1\" \/>\n<link rel=\"canonical\" href=\"https:\/\/nisidotam.ca\/fr\/a-propos\/\" \/>\n<meta property=\"og:locale\" content=\"fr_FR\" \/>\n<meta property=\"og:type\" content=\"article\" \/>\n<meta property=\"og:title\" content=\"\u00c0 propos - Nisidotam\" \/>\n<meta property=\"og:description\" content=\"L&#039;initiative Nisidotam sur l&#039;inclusion est un projet de la Commission de d\u00e9veloppement des ressources humaines des Premi\u00e8res Nations du Qu\u00e9bec (CDRHPNQ) et du Centre de recherche pour l&#039;inclusion des personnes en situation de handicap (CRISPESH).\u00a0Depuis 2018, les deux organisations collaborent dans le cadre de cette initiative d&#039;inclusion visant \u00e0 soutenir les membres des Premi\u00e8res Nations [&hellip;]\" \/>\n<meta property=\"og:url\" content=\"https:\/\/nisidotam.ca\/fr\/a-propos\/\" \/>\n<meta property=\"og:site_name\" content=\"Nisidotam\" \/>\n<meta property=\"article:modified_time\" content=\"2021-04-15T05:21:39+00:00\" \/>\n<meta name=\"twitter:card\" content=\"summary_large_image\" \/>\n<meta name=\"twitter:label1\" content=\"Dur\u00e9e de lecture estim\u00e9e\" \/>\n\t<meta name=\"twitter:data1\" content=\"6 minutes\" \/>\n<script type=\"application\/ld+json\" class=\"yoast-schema-graph\">{\"@context\":\"https:\\\/\\\/schema.org\",\"@graph\":[{\"@type\":\"WebPage\",\"@id\":\"https:\\\/\\\/nisidotam.ca\\\/fr\\\/a-propos\\\/\",\"url\":\"https:\\\/\\\/nisidotam.ca\\\/fr\\\/a-propos\\\/\",\"name\":\"\u00c0 propos - Nisidotam\",\"isPartOf\":{\"@id\":\"https:\\\/\\\/nisidotam.ca\\\/fr\\\/#website\"},\"datePublished\":\"2021-04-06T20:09:15+00:00\",\"dateModified\":\"2021-04-15T05:21:39+00:00\",\"breadcrumb\":{\"@id\":\"https:\\\/\\\/nisidotam.ca\\\/fr\\\/a-propos\\\/#breadcrumb\"},\"inLanguage\":\"fr-FR\",\"potentialAction\":[{\"@type\":\"ReadAction\",\"target\":[\"https:\\\/\\\/nisidotam.ca\\\/fr\\\/a-propos\\\/\"]}]},{\"@type\":\"BreadcrumbList\",\"@id\":\"https:\\\/\\\/nisidotam.ca\\\/fr\\\/a-propos\\\/#breadcrumb\",\"itemListElement\":[{\"@type\":\"ListItem\",\"position\":1,\"name\":\"Home\",\"item\":\"https:\\\/\\\/nisidotam.ca\\\/fr\\\/\"},{\"@type\":\"ListItem\",\"position\":2,\"name\":\"\u00c0 propos\"}]},{\"@type\":\"WebSite\",\"@id\":\"https:\\\/\\\/nisidotam.ca\\\/fr\\\/#website\",\"url\":\"https:\\\/\\\/nisidotam.ca\\\/fr\\\/\",\"name\":\"Nisidotam\",\"description\":\"Understanding Disability in the Nations\",\"potentialAction\":[{\"@type\":\"SearchAction\",\"target\":{\"@type\":\"EntryPoint\",\"urlTemplate\":\"https:\\\/\\\/nisidotam.ca\\\/fr\\\/?s={search_term_string}\"},\"query-input\":{\"@type\":\"PropertyValueSpecification\",\"valueRequired\":true,\"valueName\":\"search_term_string\"}}],\"inLanguage\":\"fr-FR\"}]}<\/script>\n<!-- \/ Yoast SEO plugin. -->","yoast_head_json":{"title":"\u00c0 propos - Nisidotam","robots":{"index":"index","follow":"follow","max-snippet":"max-snippet:-1","max-image-preview":"max-image-preview:large","max-video-preview":"max-video-preview:-1"},"canonical":"https:\/\/nisidotam.ca\/fr\/a-propos\/","og_locale":"fr_FR","og_type":"article","og_title":"\u00c0 propos - Nisidotam","og_description":"L'initiative Nisidotam sur l'inclusion est un projet de la Commission de d\u00e9veloppement des ressources humaines des Premi\u00e8res Nations du Qu\u00e9bec (CDRHPNQ) et du Centre de recherche pour l'inclusion des personnes en situation de handicap (CRISPESH).\u00a0Depuis 2018, les deux organisations collaborent dans le cadre de cette initiative d'inclusion visant \u00e0 soutenir les membres des Premi\u00e8res Nations [&hellip;]","og_url":"https:\/\/nisidotam.ca\/fr\/a-propos\/","og_site_name":"Nisidotam","article_modified_time":"2021-04-15T05:21:39+00:00","twitter_card":"summary_large_image","twitter_misc":{"Dur\u00e9e de lecture estim\u00e9e":"6 minutes"},"schema":{"@context":"https:\/\/schema.org","@graph":[{"@type":"WebPage","@id":"https:\/\/nisidotam.ca\/fr\/a-propos\/","url":"https:\/\/nisidotam.ca\/fr\/a-propos\/","name":"\u00c0 propos - Nisidotam","isPartOf":{"@id":"https:\/\/nisidotam.ca\/fr\/#website"},"datePublished":"2021-04-06T20:09:15+00:00","dateModified":"2021-04-15T05:21:39+00:00","breadcrumb":{"@id":"https:\/\/nisidotam.ca\/fr\/a-propos\/#breadcrumb"},"inLanguage":"fr-FR","potentialAction":[{"@type":"ReadAction","target":["https:\/\/nisidotam.ca\/fr\/a-propos\/"]}]},{"@type":"BreadcrumbList","@id":"https:\/\/nisidotam.ca\/fr\/a-propos\/#breadcrumb","itemListElement":[{"@type":"ListItem","position":1,"name":"Home","item":"https:\/\/nisidotam.ca\/fr\/"},{"@type":"ListItem","position":2,"name":"\u00c0 propos"}]},{"@type":"WebSite","@id":"https:\/\/nisidotam.ca\/fr\/#website","url":"https:\/\/nisidotam.ca\/fr\/","name":"Nisidotam","description":"Understanding Disability in the Nations","potentialAction":[{"@type":"SearchAction","target":{"@type":"EntryPoint","urlTemplate":"https:\/\/nisidotam.ca\/fr\/?s={search_term_string}"},"query-input":{"@type":"PropertyValueSpecification","valueRequired":true,"valueName":"search_term_string"}}],"inLanguage":"fr-FR"}]}},"_links":{"self":[{"href":"https:\/\/nisidotam.ca\/fr\/wp-json\/wp\/v2\/pages\/3722","targetHints":{"allow":["GET"]}}],"collection":[{"href":"https:\/\/nisidotam.ca\/fr\/wp-json\/wp\/v2\/pages"}],"about":[{"href":"https:\/\/nisidotam.ca\/fr\/wp-json\/wp\/v2\/types\/page"}],"author":[{"embeddable":true,"href":"https:\/\/nisidotam.ca\/fr\/wp-json\/wp\/v2\/users\/3"}],"replies":[{"embeddable":true,"href":"https:\/\/nisidotam.ca\/fr\/wp-json\/wp\/v2\/comments?post=3722"}],"version-history":[{"count":5,"href":"https:\/\/nisidotam.ca\/fr\/wp-json\/wp\/v2\/pages\/3722\/revisions"}],"predecessor-version":[{"id":4820,"href":"https:\/\/nisidotam.ca\/fr\/wp-json\/wp\/v2\/pages\/3722\/revisions\/4820"}],"wp:attachment":[{"href":"https:\/\/nisidotam.ca\/fr\/wp-json\/wp\/v2\/media?parent=3722"}],"curies":[{"name":"wp","href":"https:\/\/api.w.org\/{rel}","templated":true}]}}